{"id":21269,"date":"2020-08-18T09:36:55","date_gmt":"2020-08-18T12:36:55","guid":{"rendered":"https:\/\/atecordoba.org\/?page_id=21269"},"modified":"2022-01-25T16:41:46","modified_gmt":"2022-01-25T19:41:46","slug":"historico","status":"publish","type":"page","link":"https:\/\/atecordoba.org\/?page_id=21269","title":{"rendered":"Noticias"},"content":{"rendered":"<div class=\"wpb-content-wrapper\"><p>[vc_row][vc_column]<div  class=\"jeg_postblock_37 jeg_postblock jeg_module_hook jeg_pagination_loadmore jeg_col_3o3 jnews_module__0_69f17e639f313   \" data-unique=\"jnews_module__0_69f17e639f313\">\n\t\t\t\t\t\n\t\t\t\t\t<div class=\"jeg_block_container\">\n\t\t\t\t\t\n\t\t\t\t\t<div class=\"jeg_posts_wrap\">\n\t\t\t\t\t<div class=\"jeg_posts jeg_load_more_flag\"> \n\t\t\t\t\t\t<article class=\"jeg_post  format-standard\">\n\t\t\t\t\t<div class='box_wrap'>\n\t\t\t\t\t\t<div class=\"jeg_thumb\">\n\t\t\t\t\t\t\t\n\t\t\t\t\t\t\t<a href=\"https:\/\/atecordoba.org\/?p=53487\"><div class=\"thumbnail-container animate-lazy  size-715 \"><img loading=\"lazy\" decoding=\"async\" width=\"350\" height=\"250\" src=\"https:\/\/atecordoba.org\/wp-content\/themes\/jnews\/assets\/img\/jeg-empty.png\" class=\"attachment-jnews-350x250 size-jnews-350x250 lazyload wp-post-image\" alt=\"La hora de la Clase Trabajadora y la guerra de clases\" sizes=\"auto, (max-width: 350px) 100vw, 350px\" data-src=\"https:\/\/atecordoba.org\/wp-content\/uploads\/2026\/04\/nota-torito-aeropuerto-350x250.jpg\" data-srcset=\"https:\/\/atecordoba.org\/wp-content\/uploads\/2026\/04\/nota-torito-aeropuerto-350x250.jpg 350w, https:\/\/atecordoba.org\/wp-content\/uploads\/2026\/04\/nota-torito-aeropuerto-120x86.jpg 120w, https:\/\/atecordoba.org\/wp-content\/uploads\/2026\/04\/nota-torito-aeropuerto-750x536.jpg 750w\" data-sizes=\"auto\" data-expand=\"700\" \/><\/div><\/a>\n\t\t\t\t\t\t\t<div class=\"jeg_post_category\">\n\t\t\t\t\t\t\t\t<span><a href=\"https:\/\/atecordoba.org\/?cat=10\" class=\"category-accion-politica\">Acci\u00f3n Pol\u00edtica<\/a><\/span>\n\t\t\t\t\t\t\t<\/div>\n\t\t\t\t\t\t<\/div>\n\t\t\t\t\t\t<div class=\"jeg_postblock_content\">\n\t\t\t\t\t\t\t<h3 class=\"jeg_post_title\">\n\t\t\t\t\t\t\t\t<a href=\"https:\/\/atecordoba.org\/?p=53487\">La hora de la Clase Trabajadora y la guerra de clases<\/a>\n\t\t\t\t\t\t\t<\/h3>\n\t\t\t\t\t\t\t<div class=\"jeg_post_meta\"><div class=\"jeg_meta_date\"><a href=\"https:\/\/atecordoba.org\/?p=53487\" ><i class=\"fa fa-clock-o\"><\/i> 28 abril, 2026<\/a><\/div><\/div>\n\t\t\t\t\t\t<\/div>\n\t\t\t\t\t<\/div>\n\t\t\t\t<\/article><article class=\"jeg_post  format-standard\">\n\t\t\t\t\t<div class='box_wrap'>\n\t\t\t\t\t\t<div class=\"jeg_thumb\">\n\t\t\t\t\t\t\t\n\t\t\t\t\t\t\t<a href=\"https:\/\/atecordoba.org\/?p=53482\"><div class=\"thumbnail-container animate-lazy  size-715 \"><img loading=\"lazy\" decoding=\"async\" width=\"350\" height=\"250\" src=\"https:\/\/atecordoba.org\/wp-content\/themes\/jnews\/assets\/img\/jeg-empty.png\" class=\"attachment-jnews-350x250 size-jnews-350x250 lazyload wp-post-image\" alt=\"ATE responde a Sturzenegger con un paro el 30 de abril en el Servicio Meteorol\u00f3gico Nacional y se complicar\u00e1n nuevamente los vuelos\" sizes=\"auto, (max-width: 350px) 100vw, 350px\" data-src=\"https:\/\/atecordoba.org\/wp-content\/uploads\/2026\/04\/meteorologico-smn-350x250.jpg\" data-srcset=\"https:\/\/atecordoba.org\/wp-content\/uploads\/2026\/04\/meteorologico-smn-350x250.jpg 350w, https:\/\/atecordoba.org\/wp-content\/uploads\/2026\/04\/meteorologico-smn-120x86.jpg 120w, https:\/\/atecordoba.org\/wp-content\/uploads\/2026\/04\/meteorologico-smn-750x536.jpg 750w\" data-sizes=\"auto\" data-expand=\"700\" \/><\/div><\/a>\n\t\t\t\t\t\t\t<div class=\"jeg_post_category\">\n\t\t\t\t\t\t\t\t<span><a href=\"https:\/\/atecordoba.org\/?cat=18\" class=\"category-nacionales\">Nacionales<\/a><\/span>\n\t\t\t\t\t\t\t<\/div>\n\t\t\t\t\t\t<\/div>\n\t\t\t\t\t\t<div class=\"jeg_postblock_content\">\n\t\t\t\t\t\t\t<h3 class=\"jeg_post_title\">\n\t\t\t\t\t\t\t\t<a href=\"https:\/\/atecordoba.org\/?p=53482\">ATE responde a Sturzenegger con un paro el 30 de abril en el Servicio Meteorol\u00f3gico Nacional y se complicar\u00e1n nuevamente los vuelos<\/a>\n\t\t\t\t\t\t\t<\/h3>\n\t\t\t\t\t\t\t<div class=\"jeg_post_meta\"><div class=\"jeg_meta_date\"><a href=\"https:\/\/atecordoba.org\/?p=53482\" ><i class=\"fa fa-clock-o\"><\/i> 27 abril, 2026<\/a><\/div><\/div>\n\t\t\t\t\t\t<\/div>\n\t\t\t\t\t<\/div>\n\t\t\t\t<\/article><article class=\"jeg_post  format-standard\">\n\t\t\t\t\t<div class='box_wrap'>\n\t\t\t\t\t\t<div class=\"jeg_thumb\">\n\t\t\t\t\t\t\t\n\t\t\t\t\t\t\t<a href=\"https:\/\/atecordoba.org\/?p=53446\"><div class=\"thumbnail-container animate-lazy  size-715 \"><img loading=\"lazy\" decoding=\"async\" width=\"350\" height=\"250\" src=\"https:\/\/atecordoba.org\/wp-content\/themes\/jnews\/assets\/img\/jeg-empty.png\" class=\"attachment-jnews-350x250 size-jnews-350x250 lazyload wp-post-image\" alt=\"El XXVIII Congreso Provincial aprueba Memoria y Balance de 2025 y lanza un fuerte plan de lucha para mayo en toda la provincia\" sizes=\"auto, (max-width: 350px) 100vw, 350px\" data-src=\"https:\/\/atecordoba.org\/wp-content\/uploads\/2026\/04\/678558150_1389854246497819_4705621689053471111_n-350x250.jpg\" data-srcset=\"https:\/\/atecordoba.org\/wp-content\/uploads\/2026\/04\/678558150_1389854246497819_4705621689053471111_n-350x250.jpg 350w, https:\/\/atecordoba.org\/wp-content\/uploads\/2026\/04\/678558150_1389854246497819_4705621689053471111_n-120x86.jpg 120w, https:\/\/atecordoba.org\/wp-content\/uploads\/2026\/04\/678558150_1389854246497819_4705621689053471111_n-750x536.jpg 750w, https:\/\/atecordoba.org\/wp-content\/uploads\/2026\/04\/678558150_1389854246497819_4705621689053471111_n-1140x815.jpg 1140w\" data-sizes=\"auto\" data-expand=\"700\" \/><\/div><\/a>\n\t\t\t\t\t\t\t<div class=\"jeg_post_category\">\n\t\t\t\t\t\t\t\t<span><a href=\"https:\/\/atecordoba.org\/?cat=341\" class=\"category-cdp\">Consejo Directivo Provincial - CDP<\/a><\/span>\n\t\t\t\t\t\t\t<\/div>\n\t\t\t\t\t\t<\/div>\n\t\t\t\t\t\t<div class=\"jeg_postblock_content\">\n\t\t\t\t\t\t\t<h3 class=\"jeg_post_title\">\n\t\t\t\t\t\t\t\t<a href=\"https:\/\/atecordoba.org\/?p=53446\">El XXVIII Congreso Provincial aprueba Memoria y Balance de 2025 y lanza un fuerte plan de lucha para mayo en toda la provincia<\/a>\n\t\t\t\t\t\t\t<\/h3>\n\t\t\t\t\t\t\t<div class=\"jeg_post_meta\"><div class=\"jeg_meta_date\"><a href=\"https:\/\/atecordoba.org\/?p=53446\" ><i class=\"fa fa-clock-o\"><\/i> 27 abril, 2026<\/a><\/div><\/div>\n\t\t\t\t\t\t<\/div>\n\t\t\t\t\t<\/div>\n\t\t\t\t<\/article><article class=\"jeg_post  format-standard\">\n\t\t\t\t\t<div class='box_wrap'>\n\t\t\t\t\t\t<div class=\"jeg_thumb\">\n\t\t\t\t\t\t\t\n\t\t\t\t\t\t\t<a href=\"https:\/\/atecordoba.org\/?p=53441\"><div class=\"thumbnail-container animate-lazy  size-715 \"><img loading=\"lazy\" decoding=\"async\" width=\"350\" height=\"250\" src=\"https:\/\/atecordoba.org\/wp-content\/themes\/jnews\/assets\/img\/jeg-empty.png\" class=\"attachment-jnews-350x250 size-jnews-350x250 lazyload wp-post-image\" alt=\"Personal Civil: &#8220;los docentes de IUA est\u00e1n renunciando por los bajos sueldos&#8221;\" sizes=\"auto, (max-width: 350px) 100vw, 350px\" data-src=\"https:\/\/atecordoba.org\/wp-content\/uploads\/2026\/04\/20220517_103054-350x250.jpg\" data-srcset=\"https:\/\/atecordoba.org\/wp-content\/uploads\/2026\/04\/20220517_103054-350x250.jpg 350w, https:\/\/atecordoba.org\/wp-content\/uploads\/2026\/04\/20220517_103054-120x86.jpg 120w, https:\/\/atecordoba.org\/wp-content\/uploads\/2026\/04\/20220517_103054-750x536.jpg 750w, https:\/\/atecordoba.org\/wp-content\/uploads\/2026\/04\/20220517_103054-1140x815.jpg 1140w\" data-sizes=\"auto\" data-expand=\"700\" \/><\/div><\/a>\n\t\t\t\t\t\t\t<div class=\"jeg_post_category\">\n\t\t\t\t\t\t\t\t<span><a href=\"https:\/\/atecordoba.org\/?cat=18\" class=\"category-nacionales\">Nacionales<\/a><\/span>\n\t\t\t\t\t\t\t<\/div>\n\t\t\t\t\t\t<\/div>\n\t\t\t\t\t\t<div class=\"jeg_postblock_content\">\n\t\t\t\t\t\t\t<h3 class=\"jeg_post_title\">\n\t\t\t\t\t\t\t\t<a href=\"https:\/\/atecordoba.org\/?p=53441\">Personal Civil: &#8220;los docentes de IUA est\u00e1n renunciando por los bajos sueldos&#8221;<\/a>\n\t\t\t\t\t\t\t<\/h3>\n\t\t\t\t\t\t\t<div class=\"jeg_post_meta\"><div class=\"jeg_meta_date\"><a href=\"https:\/\/atecordoba.org\/?p=53441\" ><i class=\"fa fa-clock-o\"><\/i> 23 abril, 2026<\/a><\/div><\/div>\n\t\t\t\t\t\t<\/div>\n\t\t\t\t\t<\/div>\n\t\t\t\t<\/article><article class=\"jeg_post  format-standard\">\n\t\t\t\t\t<div class='box_wrap'>\n\t\t\t\t\t\t<div class=\"jeg_thumb\">\n\t\t\t\t\t\t\t\n\t\t\t\t\t\t\t<a href=\"https:\/\/atecordoba.org\/?p=53434\"><div class=\"thumbnail-container animate-lazy  size-715 \"><img loading=\"lazy\" decoding=\"async\" width=\"350\" height=\"250\" src=\"https:\/\/atecordoba.org\/wp-content\/themes\/jnews\/assets\/img\/jeg-empty.png\" class=\"attachment-jnews-350x250 size-jnews-350x250 lazyload wp-post-image\" alt=\"El Concejo Deliberante de R\u00edo Cuarto declara de inter\u00e9s el Encuentro Plurinacional de Mujeres\" sizes=\"auto, (max-width: 350px) 100vw, 350px\" data-src=\"https:\/\/atecordoba.org\/wp-content\/uploads\/2026\/04\/WhatsApp-Image-2026-04-23-at-12.53.24-1-350x250.jpeg\" data-srcset=\"https:\/\/atecordoba.org\/wp-content\/uploads\/2026\/04\/WhatsApp-Image-2026-04-23-at-12.53.24-1-350x250.jpeg 350w, https:\/\/atecordoba.org\/wp-content\/uploads\/2026\/04\/WhatsApp-Image-2026-04-23-at-12.53.24-1-120x86.jpeg 120w, https:\/\/atecordoba.org\/wp-content\/uploads\/2026\/04\/WhatsApp-Image-2026-04-23-at-12.53.24-1-750x536.jpeg 750w, https:\/\/atecordoba.org\/wp-content\/uploads\/2026\/04\/WhatsApp-Image-2026-04-23-at-12.53.24-1-1140x815.jpeg 1140w\" data-sizes=\"auto\" data-expand=\"700\" \/><\/div><\/a>\n\t\t\t\t\t\t\t<div class=\"jeg_post_category\">\n\t\t\t\t\t\t\t\t<span><a href=\"https:\/\/atecordoba.org\/?cat=325\" class=\"category-generos-y-diversidades\">G\u00e9neros y Diversidades<\/a><\/span>\n\t\t\t\t\t\t\t<\/div>\n\t\t\t\t\t\t<\/div>\n\t\t\t\t\t\t<div class=\"jeg_postblock_content\">\n\t\t\t\t\t\t\t<h3 class=\"jeg_post_title\">\n\t\t\t\t\t\t\t\t<a href=\"https:\/\/atecordoba.org\/?p=53434\">El Concejo Deliberante de R\u00edo Cuarto declara de inter\u00e9s el Encuentro Plurinacional de Mujeres<\/a>\n\t\t\t\t\t\t\t<\/h3>\n\t\t\t\t\t\t\t<div class=\"jeg_post_meta\"><div class=\"jeg_meta_date\"><a href=\"https:\/\/atecordoba.org\/?p=53434\" ><i class=\"fa fa-clock-o\"><\/i> 23 abril, 2026<\/a><\/div><\/div>\n\t\t\t\t\t\t<\/div>\n\t\t\t\t\t<\/div>\n\t\t\t\t<\/article><article class=\"jeg_post  format-standard\">\n\t\t\t\t\t<div class='box_wrap'>\n\t\t\t\t\t\t<div class=\"jeg_thumb\">\n\t\t\t\t\t\t\t\n\t\t\t\t\t\t\t<a href=\"https:\/\/atecordoba.org\/?p=53430\"><div class=\"thumbnail-container animate-lazy  size-715 \"><img loading=\"lazy\" decoding=\"async\" width=\"350\" height=\"250\" src=\"https:\/\/atecordoba.org\/wp-content\/themes\/jnews\/assets\/img\/jeg-empty.png\" class=\"attachment-jnews-350x250 size-jnews-350x250 lazyload wp-post-image\" alt=\"Con 151 congresales convocados, ma\u00f1ana se realizar\u00e1 el XXVIII Congreso Ordinario y Extraordinario de ATE C\u00f3rdoba\" sizes=\"auto, (max-width: 350px) 100vw, 350px\" data-src=\"https:\/\/atecordoba.org\/wp-content\/uploads\/2026\/04\/WhatsApp-Image-2026-04-23-at-11.59.10-e1776958991727-350x250.jpeg\" data-srcset=\"https:\/\/atecordoba.org\/wp-content\/uploads\/2026\/04\/WhatsApp-Image-2026-04-23-at-11.59.10-e1776958991727-350x250.jpeg 350w, https:\/\/atecordoba.org\/wp-content\/uploads\/2026\/04\/WhatsApp-Image-2026-04-23-at-11.59.10-e1776958991727-120x86.jpeg 120w\" data-sizes=\"auto\" data-expand=\"700\" \/><\/div><\/a>\n\t\t\t\t\t\t\t<div class=\"jeg_post_category\">\n\t\t\t\t\t\t\t\t<span><a href=\"https:\/\/atecordoba.org\/?cat=341\" class=\"category-cdp\">Consejo Directivo Provincial - CDP<\/a><\/span>\n\t\t\t\t\t\t\t<\/div>\n\t\t\t\t\t\t<\/div>\n\t\t\t\t\t\t<div class=\"jeg_postblock_content\">\n\t\t\t\t\t\t\t<h3 class=\"jeg_post_title\">\n\t\t\t\t\t\t\t\t<a href=\"https:\/\/atecordoba.org\/?p=53430\">Con 151 congresales convocados, ma\u00f1ana se realizar\u00e1 el XXVIII Congreso Ordinario y Extraordinario de ATE C\u00f3rdoba<\/a>\n\t\t\t\t\t\t\t<\/h3>\n\t\t\t\t\t\t\t<div class=\"jeg_post_meta\"><div class=\"jeg_meta_date\"><a href=\"https:\/\/atecordoba.org\/?p=53430\" ><i class=\"fa fa-clock-o\"><\/i> 23 abril, 2026<\/a><\/div><\/div>\n\t\t\t\t\t\t<\/div>\n\t\t\t\t\t<\/div>\n\t\t\t\t<\/article>\n\t\t\t\t\t<\/div>\n\t\t\t\t<\/div>\n\t\t\t\t\t<div class='module-overlay'>\n\t\t\t\t    <div class='preloader_type preloader_dot'>\n\t\t\t\t        <div class=\"module-preloader jeg_preloader dot\">\n\t\t\t\t            <span><\/span><span><\/span><span><\/span>\n\t\t\t\t        <\/div>\n\t\t\t\t        <div class=\"module-preloader jeg_preloader circle\">\n\t\t\t\t            <div class=\"jnews_preloader_circle_outer\">\n\t\t\t\t                <div class=\"jnews_preloader_circle_inner\"><\/div>\n\t\t\t\t            <\/div>\n\t\t\t\t        <\/div>\n\t\t\t\t        <div class=\"module-preloader jeg_preloader square\">\n\t\t\t\t            <div class=\"jeg_square\">\n\t\t\t\t                <div class=\"jeg_square_inner\"><\/div>\n\t\t\t\t            <\/div>\n\t\t\t\t        <\/div>\n\t\t\t\t    <\/div>\n\t\t\t\t<\/div>\n\t\t\t\t<\/div>\n\t\t\t\t<div class=\"jeg_block_navigation\">\n\t\t\t\t\t<div class='navigation_overlay'><div class='module-preloader jeg_preloader'><span><\/span><span><\/span><span><\/span><\/div><\/div>\n\t\t\t\t\t<div class=\"jeg_block_loadmore \">\n                    <a href=\"#\" class='' data-load='Leer m\u00e1s' data-loading='Cargando...'> Leer m\u00e1s<\/a>\n                <\/div>\n\t\t\t\t\t\n\t\t\t\t<\/div>\n\t\t\t\t\t\n\t\t\t\t\t<script>var jnews_module__0_69f17e639f313 = {\"header_icon\":\"\",\"first_title\":\"\",\"second_title\":\"\",\"url\":\"\",\"header_type\":\"heading_6\",\"header_background\":\"\",\"header_secondary_background\":\"\",\"header_text_color\":\"\",\"header_line_color\":\"\",\"header_accent_color\":\"\",\"header_filter_category\":\"\",\"header_filter_author\":\"\",\"header_filter_tag\":\"\",\"header_filter_text\":\"All\",\"sticky_post\":false,\"post_type\":\"post\",\"content_type\":\"all\",\"sponsor\":false,\"number_post\":\"6\",\"post_offset\":\"0\",\"unique_content\":\"disable\",\"include_post\":\"\",\"included_only\":false,\"exclude_post\":\"\",\"include_category\":\"\",\"exclude_category\":\"\",\"include_author\":\"\",\"include_tag\":\"\",\"exclude_tag\":\"\",\"sort_by\":\"latest\",\"date_format\":\"default\",\"date_format_custom\":\"Y\\\/m\\\/d\",\"force_normal_image_load\":\"\",\"pagination_mode\":\"loadmore\",\"pagination_nextprev_showtext\":\"\",\"pagination_number_post\":\"6\",\"pagination_scroll_limit\":0,\"el_id\":\"\",\"el_class\":\"\",\"scheme\":\"\",\"column_width\":\"auto\",\"title_color\":\"\",\"accent_color\":\"\",\"alt_color\":\"\",\"block_background\":\"\",\"box_shadow\":\"\",\"css\":\"\",\"compatible_column_notice\":\"\",\"excerpt_length\":\"20\",\"paged\":1,\"column_class\":\"jeg_col_3o3\",\"class\":\"jnews_block_37\"};<\/script>\n\t\t\t\t<\/div>[\/vc_column][\/vc_row]<\/p>\n<\/div>","protected":false},"excerpt":{"rendered":"<p>[vc_row][vc_column][\/vc_column][\/vc_row]<\/p>\n","protected":false},"author":1,"featured_media":0,"parent":0,"menu_order":0,"comment_status":"closed","ping_status":"closed","template":"","meta":{"_exactmetrics_skip_tracking":false,"_exactmetrics_sitenote_active":false,"_exactmetrics_sitenote_note":"","_exactmetrics_sitenote_category":0,"jnews_page_loop":{"enable_page_loop":"0","first_title":"Latest Post","second_title":"","header_type":"heading_6","header_background":"","header_text_color":"","layout":"right-sidebar","sidebar":"default-sidebar","second_sidebar":"default-sidebar","sticky_sidebar":"1","module":"3","boxed":"0","boxed_shadow":"0","box_shadow":"0","excerpt_length":"20","content_date":"default","date_custom":"Y\/m\/d","content_pagination":"nav_1","pagination_align":"center","show_navtext":"0","show_pageinfo":"0","post_offset":"0","posts_per_page":"5","include_post":"","exclude_post":"","include_category":"","exclude_category":"","include_author":"","include_tag":"","exclude_tag":"","sort_by":"latest"},"jnews_single_page":{"layout":"no-sidebar","sidebar":"default-sidebar","second_sidebar":"default-sidebar","sticky_sidebar":"1","show_post_featured":"1","show_post_meta":"0","share_position":"top","share_color":"share-monocrhome"},"jnews_social_meta":{"fb_title":"","fb_description":"","fb_image":"","twitter_title":"","twitter_description":"","twitter_image":""},"footnotes":""},"class_list":["post-21269","page","type-page","status-publish","hentry"],"_links":{"self":[{"href":"https:\/\/atecordoba.org\/index.php?rest_route=\/wp\/v2\/pages\/21269","targetHints":{"allow":["GET"]}}],"collection":[{"href":"https:\/\/atecordoba.org\/index.php?rest_route=\/wp\/v2\/pages"}],"about":[{"href":"https:\/\/atecordoba.org\/index.php?rest_route=\/wp\/v2\/types\/page"}],"author":[{"embeddable":true,"href":"https:\/\/atecordoba.org\/index.php?rest_route=\/wp\/v2\/users\/1"}],"replies":[{"embeddable":true,"href":"https:\/\/atecordoba.org\/index.php?rest_route=%2Fwp%2Fv2%2Fcomments&post=21269"}],"version-history":[{"count":7,"href":"https:\/\/atecordoba.org\/index.php?rest_route=\/wp\/v2\/pages\/21269\/revisions"}],"predecessor-version":[{"id":29822,"href":"https:\/\/atecordoba.org\/index.php?rest_route=\/wp\/v2\/pages\/21269\/revisions\/29822"}],"wp:attachment":[{"href":"https:\/\/atecordoba.org\/index.php?rest_route=%2Fwp%2Fv2%2Fmedia&parent=21269"}],"curies":[{"name":"wp","href":"https:\/\/api.w.org\/{rel}","templated":true}]}}